{"id":39,"date":"2017-12-27T18:44:07","date_gmt":"2017-12-27T18:44:07","guid":{"rendered":"http:\/\/wp9e5.szakipont.hu\/?page_id=39"},"modified":"2022-02-09T08:40:30","modified_gmt":"2022-02-09T08:40:30","slug":"aszf","status":"publish","type":"page","link":"https:\/\/numizmatika.beila.hu\/?page_id=39","title":{"rendered":"\u00c1SZF"},"content":{"rendered":"<p>[vc_row][vc_column][vc_column_text]<strong>\u00c1ltal\u00e1nos Szerz\u0151d\u00e9si \u00e9s Felhaszn\u00e1l\u00e1si felt\u00e9telek<\/strong><\/p>\n<p>A <strong>www.beila.hu<\/strong> b\u00f6ng\u00e9sz\u00e9s\u00e9vel \u00e9s haszn\u00e1lat\u00e1val \u00d6n kijelenti, hogy elolvasta \u00e9s elfogadta a weboldal haszn\u00e1lat\u00e1ra \u00e9s szolg\u00e1ltat\u00e1saira vonatkoz\u00f3 szerz\u0151d\u00e9si felt\u00e9teleket, adatkezel\u00e9si elveket \u00e9s annak minden pontj\u00e1val egyet\u00e9rt!<\/p>\n<p>Egyet nem \u00e9rt\u00e9s eset\u00e9n a rendszert nem haszn\u00e1lhatja!<\/p>\n<p><em>\u00dczemeltet\u0151i adatok<br \/>\n<\/em>C\u00e9gn\u00e9v: Kulcs\u00e1r B\u00e9la<br \/>\nSz\u00e9khely: 1191 Budapest, F\u0151 utca 17. 4\/14.<br \/>\nAd\u00f3sz\u00e1m: 63305489-2-43<br \/>\nV\u00e1llalkoz\u00f3i igazolv\u00e1ny sz\u00e1ma: ES-507935<br \/>\nKibocs\u00e1jt\u00f3 c\u00e9gb\u00edr\u00f3s\u00e1g, okm\u00e1nyiroda: Budapest XIX, \u00d6nkorm\u00e1nyzat<br \/>\nBanksz\u00e1mla sz\u00e1ma: Erste Bank 11600006-00000000-94749074<br \/>\nSzerz\u0151d\u00e9s nyelve: magyar<br \/>\nEl\u00e9rhet\u0151s\u00e9g: beila.kulcsar@gmail.com<br \/>\nTelefon: 06 30 525 6767<\/p>\n<p><em>Megv\u00e1s\u00e1rolhat\u00f3 term\u00e9kek, szolg\u00e1ltat\u00e1sok k\u00f6re<br \/>\n<\/em>A web\u00e1ruh\u00e1z numizmatikai kell\u00e9k \u00e9s kieg\u00e9sz\u00edt\u0151 term\u00e9keket forgalmaz. A term\u00e9kekn\u00e9l megjelen\u00edtett k\u00e9pek csak illusztr\u00e1ci\u00f3k a val\u00f3s\u00e1gt\u00f3l elt\u00e9rhetnek.<br \/>\nA megjelen\u00edtett term\u00e9kek kiz\u00e1r\u00f3lag online a web\u00e1ruh\u00e1zon kereszt\u00fcl rendelhet\u0151ek meg. \u00c1tvehet\u0151k szem\u00e9lyesen \u00e9s ut\u00e1nv\u00e9ttel.<br \/>\n\u00c1raink brutt\u00f3 \u00e1rak, az \u00e1f\u00e1t tartalmazz\u00e1k.<\/p>\n<p><em>Sz\u00e1ll\u00edt\u00e1si d\u00edjak<br \/>\n<\/em>Sz\u00e1ll\u00edt\u00e1s d\u00edjak belf\u00f6ldre:<\/p>\n<p>H\u00e1zhoz-sz\u00e1ll\u00edt\u00e1s ut\u00e1nv\u00e9ttel:<br \/>\n60000 Ft alatt 2200 Ft<br \/>\n60000 Ft felett 0 Ft, azaz ingyenes<\/p>\n<p>El\u0151reutal\u00e1s eset\u00e9n:<br \/>\n60000 Ft alatt 1800 Ft<br \/>\n60000 Ft felett 0 Ft, azaz ingyenes<\/p>\n<p>A csomagokat a Magyar Posta 8 \u00e9s 17 \u00f3ra k\u00f6z\u00f6tt sz\u00e1ll\u00edtja ki a megadott sz\u00e1ll\u00edt\u00e1si c\u00edmre.<\/p>\n<p>A sz\u00e1ml\u00e1t a csomag tartalmazza. K\u00e9rj\u00fck a csomagot k\u00e9zbes\u00edt\u00e9skor a fut\u00e1r el\u0151tt sz\u00edveskedj\u00e9k megvizsg\u00e1lni, \u00e9s esetlegesen a term\u00e9keken \u00e9szlelt s\u00e9r\u00fcl\u00e9s eset\u00e9n k\u00e9rje jegyz\u0151k\u00f6nyv felv\u00e9tel\u00e9t \u00e9s ne vegye \u00e1t a csomagot. Ut\u00f3lagos, jegyz\u0151k\u00f6nyv n\u00e9lk\u00fcli reklam\u00e1ci\u00f3t nem \u00e1ll m\u00f3dunkban elfogadni!<\/p>\n<p><em>Regisztr\u00e1ci\u00f3<br \/>\n<\/em>V\u00e1s\u00e1rl\u00e1s kiz\u00e1r\u00f3lag felhaszn\u00e1l\u00f3i regisztr\u00e1ci\u00f3val lehets\u00e9ges. A regisztr\u00e1ci\u00f3 el\u0151nye, hogy amennyiben legk\u00f6zelebb is szeretne t\u0151l\u00fcnk rendelni, adatait nem sz\u00fcks\u00e9ges \u00fajonnan megadni, t\u00f6bb sz\u00e1ll\u00edt\u00e1si\/sz\u00e1ml\u00e1z\u00e1si c\u00edmet is felvehet, valamint rendel\u00e9si folyamat\u00e1t is nyomon k\u00f6vetheti.<\/p>\n<p>A regisztr\u00e1ci\u00f3 nem vesz ig\u00e9nybe 1 percn\u00e9l t\u00f6bb id\u0151t.<\/p>\n<p>\u00dcgyeljen az adatok pontos megad\u00e1s\u00e1ra, hogy a kisz\u00e1ll\u00edt\u00e1s z\u00f6kken\u0151mentesen t\u00f6rt\u00e9nhessen.<\/p>\n<p><em>A megrendel\u00e9s folyamata<br \/>\n<\/em>A term\u00e9k adatlapj\u00e1n r\u00e1kattint a \u201eKos\u00e1rba\u201d gombra, amikor a term\u00e9k beleker\u00fcl megtekintheti annak tartalm\u00e1t.<br \/>\nA v\u00e1s\u00e1rl\u00e1s tov\u00e1bbi folytat\u00e1s\u00e1hoz kattintson a \u201eTov\u00e1bb v\u00e1s\u00e1rolok\u201d linkre, mellyel visszaker\u00fcl az im\u00e9nti term\u00e9k adatlapj\u00e1ra.<br \/>\nJ\u00e1rjon el az 1-es pontban le\u00edrtak szerint minden megv\u00e1s\u00e1rolni k\u00edv\u00e1nt term\u00e9k eset\u00e9ben.<br \/>\nAmikor minden \u00f3hajtott term\u00e9ket elhelyezett a kosar\u00e1ban kattintson a \u201eKos\u00e1r\u201d dobozra, hogy megtekinthesse annak tartalm\u00e1t vagy egyb\u0151l term\u00e9k belehelyez\u00e9sekor is oda jut. A kos\u00e1rban a term\u00e9keket t\u00f6r\u00f6lheti, mennyis\u00e9g\u00fcket m\u00f3dos\u00edthatja a sorban megadott beviteli mez\u0151be val\u00f3 mennyis\u00e9g megad\u00e1s\u00e1val, majd a \u201eM\u00f3dos\u00edt\u00e1s\u201d gomb megnyom\u00e1s\u00e1val.<br \/>\nA kos\u00e1rban tal\u00e1lhat\u00f3 \u201eP\u00e9nzt\u00e1r\u201d gombra kattintva haladhat tov\u00e1bb a megrendel\u00e9s folyamat\u00e1ban. Amennyiben m\u00e1r regisztr\u00e1lt \u00e9s bel\u00e9pett felhaszn\u00e1l\u00f3nk egyb\u0151l a p\u00e9nzt\u00e1rba az adatok ellen\u0151rz\u00e9s\u00e9hez ker\u00fcl, ellenkez\u0151 esetben a \u201eBel\u00e9p\u00e9s\u201d vagy \u201eRegisztr\u00e1ci\u00f3\u201d gombra kell kattintania.<br \/>\nA megrendel\u00e9s lead\u00e1snak utols\u00f3 l\u00e9p\u00e9sek\u00e9nt \u201eP\u00e9nzt\u00e1r\u201d-ban tal\u00e1lhat\u00f3 \u201eRendel\u00e9s Felad\u00e1sa\u201d gombra kattintson, mellyel rendel\u00e9s\u00e9t elk\u00fcldi nek\u00fcnk.<br \/>\nA rendel\u00e9sr\u0151l a rendszer egy automatikus e-mailben t\u00e1j\u00e9koztatja.<br \/>\nA megrendel\u00e9s akkor v\u00e1lik \u00e9l\u0151v\u00e9 ha azt az \u00fcgyf\u00e9lszolg\u00e1lat telefonon\/e-mailben visszaigazolja.<\/p>\n<p>A megrendelt term\u00e9ket a csomag \u00e1tv\u00e9telekor a fut\u00e1rnak kell kifizetni.<\/p>\n<p>A megrendel\u00e9sek feldolgoz\u00e1sa munkanapokon legk\u00e9s\u0151bb 24 \u00f3r\u00e1n bel\u00fcl t\u00f6rt\u00e9nik.<\/p>\n<p>Rendszer\u00fcnk a megrendel\u00e9sr\u0151l egy automatikus levelet k\u00fcld \u00d6nnek, melyben tal\u00e1lhat\u00f3 rendel\u00e9si sz\u00e1mra hivatkozva \u00e9rdekl\u0151dhet megrendel\u00e9s\u00e9vel kapcsolatban el\u00e9rhet\u0151s\u00e9geink b\u00e1rmelyik\u00e9n, illetve nyomon k\u00f6vetheti ha bel\u00e9p az oldalra regisztr\u00e1ci\u00f3kor megadott adataival.<\/p>\n<p>\u00c1t nem vett, visszak\u00fcld\u00f6tt csomagok eset\u00e9n a visszasz\u00e1ll\u00edt\u00e1s d\u00edja megrendel\u0151t terheli, \u00fajra k\u00fcld\u00e9s\u00e9t kiz\u00e1r\u00f3lag a csomag ellen\u00e9rt\u00e9k\u00e9nek el\u0151re t\u00f6rt\u00e9n\u0151 \u00e1tutal\u00e1sa eset\u00e9n \u00e1ll m\u00f3dunkban ism\u00e9telten elind\u00edtani!<\/p>\n<p><em>Garancia<br \/>\n<\/em>Term\u00e9keinkre 3 h\u00f3nap garanci\u00e1t v\u00e1llalunk. Meghib\u00e1sod\u00e1s eset\u00e9n a teend\u0151kr\u0151l el\u00e9rhet\u0151s\u00e9geink valamelyik\u00e9n t\u00e1j\u00e9koztat\u00e1st ny\u00fajtunk.<\/p>\n<p>A garancia nem vonatkozik a nem rendeltet\u00e9sszer\u0171 haszn\u00e1latb\u00f3l ered\u0151 k\u00e1rokra!<\/p>\n<p><em>El\u00e1ll\u00e1s joga<br \/>\n<\/em>A megrendelt term\u00e9k k\u00e9zhez v\u00e9tel\u00e9t\u0151l sz\u00e1m\u00edtott nyolc munkanapon bel\u00fcl a vev\u0151nek joga van el\u00e1llni v\u00e1s\u00e1rl\u00e1si sz\u00e1nd\u00e9k\u00e1t\u00f3l. Ebben az esetben az \u00fczemeltet\u0151.c\u00e9g k\u00f6teles a term\u00e9k\u00e9rt kifizetett v\u00e9tel\u00e1rat visszat\u00e9r\u00edteni a v\u00e1s\u00e1rl\u00f3nak, legk\u00e9s\u0151bb az el\u00e1ll\u00e1st, illetve a term\u00e9k visszaszolg\u00e1ltat\u00e1s\u00e1t k\u00f6vet\u0151 harminc napon bel\u00fcl. A visszat\u00e9r\u00edt\u00e9s a sz\u00e1ll\u00edt\u00e1si k\u00f6lts\u00e9gre nem vonatkozik, valamint a term\u00e9k visszajuttat\u00e1s\u00e1nak k\u00f6lts\u00e9ge is a vev\u0151t terheli.<\/p>\n<p><em>El\u00e1ll\u00e1si jog gyakorl\u00e1s\u00e1nak menete<br \/>\n<\/em>Amennyiben el\u00e1ll\u00e1si jog\u00e1val k\u00edv\u00e1n \u00e9lni, azt \u00edr\u00e1sban, lev\u00e9lben vagy e-mailben teheti meg, hivatkozva a term\u00e9kre \u00e9s a megrendel\u00e9s azonos\u00edt\u00f3j\u00e1ra. El\u00e1ll\u00e1si jog\u00e1t a term\u00e9k k\u00e9zhezv\u00e9tel\u00e9t\u0151l sz\u00e1m\u00edtott 8 munkanapon bel\u00fcl teheti meg.<\/p>\n<p>Postai lev\u00e9l \u00fatj\u00e1n t\u00f6rt\u00e9n\u0151 el\u00e1ll\u00e1sn\u00e1l a lev\u00e9l post\u00e1ra ad\u00e1s\u00e1nak d\u00e1tum\u00e1t vessz\u00fck figyelme a 8 munkanap besz\u00e1m\u00edt\u00e1sakor. A levelet lehet\u0151leg aj\u00e1nlott lev\u00e9lk\u00e9nt adja fel, hogy egy\u00e9rtelm\u0171en bizony\u00edthat\u00f3 legyen a felad\u00e1s d\u00e1tuma.<\/p>\n<p>A megrendelt term\u00e9ket juttassa vissza c\u00e9g\u00fcnk c\u00edm\u00e9re. A visszak\u00fcld\u00e9ssel felmer\u00fcl\u0151 postai k\u00f6lts\u00e9gek a v\u00e1s\u00e1rl\u00f3t terhelik. A term\u00e9ket ne ut\u00e1nv\u00e9ttel k\u00fcldje vissza! Az ut\u00e1nv\u00e9ttel visszak\u00fcld\u00f6tt csomagot nem \u00e1ll m\u00f3dunkban \u00e1tvenni, annak visszajuttat\u00e1s\u00e1nak k\u00f6lts\u00e9ge is vev\u0151t terheli!<\/p>\n<p>A nem rendeltet\u00e9sszer\u0171en haszn\u00e1lt term\u00e9kre a garancia nem vonatkozik. Illetve a nem rendeltet\u00e9sszer\u0171 haszn\u00e1latb\u00f3l ered\u0151 k\u00e1rok megfizet\u00e9se is v\u00e1s\u00e1rl\u00f3t terheli. A term\u00e9k visszak\u00fcld\u00e9st k\u00f6vet\u0151 harminc napon bel\u00fcl a term\u00e9k \u00e1r\u00e1t a megadott sz\u00e1mlasz\u00e1mra visszautaljuk.<\/p>\n<p><em>Adatkezel\u00e9s<br \/>\n<\/em>Az web\u00e1ruh\u00e1z haszn\u00e1lata sor\u00e1n rendelkez\u00e9s\u00e9re bocs\u00e1tott szem\u00e9lyes adatait bizalmasan kezelj\u00fck, harmadik f\u00e9l r\u00e9sz\u00e9re nem adjuk \u00e1t. Ez al\u00f3l kiv\u00e9telt jelentenek az alv\u00e1llalkoz\u00f3nak sz\u00fcks\u00e9gesen megadott adatok, melyek n\u00e9lk\u00fcl a rendel\u00e9s teljes\u00edt\u00e9se nem kivitelezhet\u0151, p\u00e9ld\u00e1ul a fut\u00e1rszolg\u00e1latnak \u00e1tadott kisz\u00e1ll\u00edt\u00e1shoz sz\u00fcks\u00e9ges inform\u00e1ci\u00f3k.<\/p>\n<p>A web\u00e1ruh\u00e1z b\u00f6ng\u00e9sz\u00e9se sor\u00e1n technikai inform\u00e1ci\u00f3k ker\u00fclnek r\u00f6gz\u00edt\u00e9sre (p\u00e9ld\u00e1ul log f\u00e1jlok form\u00e1j\u00e1ban, melyek tartalmazz\u00e1k a felhaszn\u00e1l\u00f3 ip c\u00edm\u00e9t, az id\u0151pontot, a megl\u00e1togatott oldal URL-j\u00e9t), mely szem\u00e9lyes azonos\u00edt\u00e1sra nem haszn\u00e1lhat\u00f3, de statisztikai c\u00e9lokat szolg\u00e1l. A rendszer adatokat t\u00e1rol a felhaszn\u00e1l\u00f3 sz\u00e1m\u00edt\u00f3g\u00e9p\u00e9n is \u00fagynevezett s\u00fctik form\u00e1j\u00e1ban (cookie). A s\u00fctik a felhaszn\u00e1l\u00f3 szem\u00e9ly\u00e9nek azonos\u00edt\u00e1s\u00e1ra nem alkalmasak, \u00e9s a munkamenet idej\u00e9n \u00e9lnek.<\/p>\n<p>A web\u00e1ruh\u00e1z rendszer haszn\u00e1lat\u00e1hoz a b\u00f6ng\u00e9sz\u0151j\u00e9ben a cookie-k haszn\u00e1lat\u00e1t enged\u00e9lyezni sz\u00fcks\u00e9ges, en\u00e9lk\u00fcl bizonyos funkci\u00f3k m\u0171k\u00f6d\u00e9sk\u00e9ptelenek.<\/p>\n<p>A megrendelt term\u00e9kr\u0151l sz\u00e1mla k\u00e9sz\u00fcl, melynek t\u00e1rol\u00e1sa a hat\u00e1lyos jogszab\u00e1lyokban el\u0151\u00edrt m\u00f3don \u00e9s ideig t\u00e1rol\u00e1sra ker\u00fcl.<\/p>\n<p>Adatainak t\u00f6rl\u00e9s\u00e9t a rendszerb\u0151l, m\u00f3dos\u00edt\u00e1s\u00e1t b\u00e1rmikor \u00edr\u00e1sban k\u00e9rheti, de ett\u0151l f\u00fcggetlen m\u00f3don t\u00f6r\u00f6lheti mag\u00e1t az esetlegesen h\u00edrlev\u00e9lre feliratkozottak list\u00e1j\u00e1r\u00f3l, an\u00e9lk\u00fcl hogy regisztr\u00e1ci\u00f3ja t\u00f6rl\u00e9sre ker\u00fclne. A h\u00edrlev\u00e9lr\u0151l leiratkozni vagy lev\u00e9lben, e-mailben, vagy a h\u00edrlevelek alj\u00e1n tal\u00e1lhat\u00f3 \u201eLeiratkoz\u00e1s\u201d link seg\u00edts\u00e9g\u00e9vel is megteheti.[\/vc_column_text][\/vc_column][\/vc_row]<\/p>\n","protected":false},"excerpt":{"rendered":"<p>[vc_row][vc_column][vc_column_text]\u00c1ltal\u00e1nos Szerz\u0151d\u00e9si \u00e9s Felhaszn\u00e1l\u00e1si felt\u00e9telek A www.beila.hu b\u00f6ng\u00e9sz\u00e9s\u00e9vel \u00e9s haszn\u00e1lat\u00e1val \u00d6n kijelenti, hogy elolvasta \u00e9s elfogadta a weboldal haszn\u00e1lat\u00e1ra \u00e9s szolg\u00e1ltat\u00e1saira vonatkoz\u00f3 szerz\u0151d\u00e9si felt\u00e9teleket, adatkezel\u00e9si elveket \u00e9s annak minden pontj\u00e1val egyet\u00e9rt! Egyet nem \u00e9rt\u00e9s eset\u00e9n a rendszert nem haszn\u00e1lhatja! \u00dczemeltet\u0151i adatok C\u00e9gn\u00e9v: Kulcs\u00e1r B\u00e9la Sz\u00e9khely: 1191 Budapest, F\u0151 utca 17. 4\/14. Ad\u00f3sz\u00e1m: 63305489-2-43 V\u00e1llalkoz\u00f3i igazolv\u00e1ny&hellip; <a class=\"read-more-link\" href=\"https:\/\/numizmatika.beila.hu\/?page_id=39\">Read More<\/a><\/p>\n","protected":false},"author":1,"featured_media":0,"parent":0,"menu_order":0,"comment_status":"closed","ping_status":"closed","template":"","meta":[],"_links":{"self":[{"href":"https:\/\/numizmatika.beila.hu\/index.php?rest_route=\/wp\/v2\/pages\/39"}],"collection":[{"href":"https:\/\/numizmatika.beila.hu\/index.php?rest_route=\/wp\/v2\/pages"}],"about":[{"href":"https:\/\/numizmatika.beila.hu\/index.php?rest_route=\/wp\/v2\/types\/page"}],"author":[{"embeddable":true,"href":"https:\/\/numizmatika.beila.hu\/index.php?rest_route=\/wp\/v2\/users\/1"}],"replies":[{"embeddable":true,"href":"https:\/\/numizmatika.beila.hu\/index.php?rest_route=%2Fwp%2Fv2%2Fcomments&post=39"}],"version-history":[{"count":5,"href":"https:\/\/numizmatika.beila.hu\/index.php?rest_route=\/wp\/v2\/pages\/39\/revisions"}],"predecessor-version":[{"id":3486,"href":"https:\/\/numizmatika.beila.hu\/index.php?rest_route=\/wp\/v2\/pages\/39\/revisions\/3486"}],"wp:attachment":[{"href":"https:\/\/numizmatika.beila.hu\/index.php?rest_route=%2Fwp%2Fv2%2Fmedia&parent=39"}],"curies":[{"name":"wp","href":"https:\/\/api.w.org\/{rel}","templated":true}]}}